{"id":3200,"date":"2022-06-20T17:14:08","date_gmt":"2022-06-20T21:14:08","guid":{"rendered":"https:\/\/www.clhmidland.on.ca\/services-aux-jeunes\/camp-dado"},"modified":"2025-05-29T10:18:43","modified_gmt":"2025-05-29T14:18:43","slug":"camp-dado","status":"publish","type":"page","link":"https:\/\/www.clhmidland.on.ca\/fr\/services-aux-jeunes\/camp-dado","title":{"rendered":"Camp d&#8217;Ado"},"content":{"rendered":"\t\t<div data-elementor-type=\"wp-page\" data-elementor-id=\"3200\" class=\"elementor elementor-3200 elementor-1135\" data-elementor-post-type=\"page\">\n\t\t\t\t\t\t<section class=\"elementor-section elementor-top-section elementor-element elementor-element-2894f37 elementor-section-boxed elementor-section-height-default elementor-section-height-default\" data-id=\"2894f37\" data-element_type=\"section\" data-settings=\"{&quot;background_background&quot;:&quot;classic&quot;}\">\n\t\t\t\t\t\t\t<div class=\"elementor-background-overlay\"><\/div>\n\t\t\t\t\t\t\t<div class=\"elementor-container elementor-column-gap-default\">\n\t\t\t\t\t<div class=\"elementor-column elementor-col-100 elementor-top-column elementor-element elementor-element-2c9aa90\" data-id=\"2c9aa90\" data-element_type=\"column\">\n\t\t\t<div class=\"elementor-widget-wrap elementor-element-populated\">\n\t\t\t\t\t\t<div class=\"elementor-element elementor-element-60c8611 elementor-widget elementor-widget-heading\" data-id=\"60c8611\" data-element_type=\"widget\" data-widget_type=\"heading.default\">\n\t\t\t\t<div class=\"elementor-widget-container\">\n\t\t\t<h1 class=\"elementor-heading-title elementor-size-default\">Camp de transition des jeunes<\/h1>\t\t<\/div>\n\t\t\t\t<\/div>\n\t\t\t\t\t<\/div>\n\t\t<\/div>\n\t\t\t\t\t<\/div>\n\t\t<\/section>\n\t\t\t\t<section class=\"elementor-section elementor-top-section elementor-element elementor-element-e673e19 elementor-section-boxed elementor-section-height-default elementor-section-height-default\" data-id=\"e673e19\" data-element_type=\"section\">\n\t\t\t\t\t\t<div class=\"elementor-container elementor-column-gap-default\">\n\t\t\t\t\t<div class=\"elementor-column elementor-col-100 elementor-top-column elementor-element elementor-element-39b5bf3\" data-id=\"39b5bf3\" data-element_type=\"column\">\n\t\t\t<div class=\"elementor-widget-wrap elementor-element-populated\">\n\t\t\t\t\t\t<div class=\"elementor-element elementor-element-151fe1b elementor-widget elementor-widget-heading\" data-id=\"151fe1b\" data-element_type=\"widget\" data-widget_type=\"heading.default\">\n\t\t\t\t<div class=\"elementor-widget-container\">\n\t\t\t<h2 class=\"elementor-heading-title elementor-size-default\">Nous Accueillons les Jeunes de 14 \u00e0 25 ans dans notre Camp de transition des jeunes!<\/h2>\t\t<\/div>\n\t\t\t\t<\/div>\n\t\t\t\t\t<\/div>\n\t\t<\/div>\n\t\t\t\t\t<\/div>\n\t\t<\/section>\n\t\t\t\t<section class=\"elementor-section elementor-top-section elementor-element elementor-element-3eb7725 elementor-section-content-middle elementor-section-boxed elementor-section-height-default elementor-section-height-default\" data-id=\"3eb7725\" data-element_type=\"section\" data-settings=\"{&quot;background_background&quot;:&quot;classic&quot;}\">\n\t\t\t\t\t\t<div class=\"elementor-container elementor-column-gap-default\">\n\t\t\t\t\t<div class=\"elementor-column elementor-col-50 elementor-top-column elementor-element elementor-element-5043b3e countdown-block\" data-id=\"5043b3e\" data-element_type=\"column\">\n\t\t\t<div class=\"elementor-widget-wrap elementor-element-populated\">\n\t\t\t\t\t\t<div class=\"elementor-element elementor-element-e981731 elementor-widget elementor-widget-text-editor\" data-id=\"e981731\" data-element_type=\"widget\" data-widget_type=\"text-editor.default\">\n\t\t\t\t<div class=\"elementor-widget-container\">\n\t\t\t\t\t\t\t<p><span data-olk-copy-source=\"MessageBody\">Le Camp de transition des jeunes<\/span> est organis\u00e9 pendant les mois de juillet et ao\u00fbt pour les adolescents de 14 et 25 ans ayant des besoins de soutien au d\u00e9veloppement. Ce camp est anim\u00e9 par le personnel de CLH Services de Soutien au D\u00e9veloppement et est enti\u00e8rement financ\u00e9 par la Fondation de la CLH \u00e0 travers des dons &#8220;carte de camp&#8221;.<\/p>\n<p>Le <span data-olk-copy-source=\"MessageBody\">Camp de transition des jeunes<\/span> fait participer les jeunes aux activit\u00e9s locales et \u00e0 l\u2019ext\u00e9rieur de la ville et est organis\u00e9 selon un horaire hebdomadaire. Les adolescents sont soutenus tout au long de la semaine et sont encourag\u00e9s \u00e0 participer \u00e0 des activit\u00e9s significatives et amusantes.<\/p>\t\t\t\t\t\t<\/div>\n\t\t\t\t<\/div>\n\t\t\t\t<div class=\"elementor-element elementor-element-429dacb about_programs_centered elementor-widget elementor-widget-heading\" data-id=\"429dacb\" data-element_type=\"widget\" data-widget_type=\"heading.default\">\n\t\t\t\t<div class=\"elementor-widget-container\">\n\t\t\t<h2 class=\"elementor-heading-title elementor-size-default\"><a href=\"https:\/\/www.clhmidland.on.ca\/fr\/services-pour-adultes\/soutiens-a-la-participation-communautaire-cps\">Soutiens \u00e0 la <br>Participation <br>Communautaire<\/a><\/h2>\t\t<\/div>\n\t\t\t\t<\/div>\n\t\t\t\t\t<\/div>\n\t\t<\/div>\n\t\t\t\t<div class=\"elementor-column elementor-col-50 elementor-top-column elementor-element elementor-element-dba0f6e countdown-block\" data-id=\"dba0f6e\" data-element_type=\"column\">\n\t\t\t<div class=\"elementor-widget-wrap elementor-element-populated\">\n\t\t\t\t\t\t<div class=\"elementor-element elementor-element-716d237 elementor-widget elementor-widget-image\" data-id=\"716d237\" data-element_type=\"widget\" data-widget_type=\"image.default\">\n\t\t\t\t<div class=\"elementor-widget-container\">\n\t\t\t\t\t\t\t\t\t\t\t\t\t<img fetchpriority=\"high\" decoding=\"async\" width=\"800\" height=\"1000\" src=\"https:\/\/www.clhmidland.on.ca\/wp-content\/uploads\/Teen-Camp-Highlight.jpg\" class=\"attachment-large size-large wp-image-4847\" alt=\"Un jeune ado, aux cheveux verts coiff\u00e9s en pointes, d\u00e9roulant une p\u00e2te de pain d\u2019\u00e9pices.\" srcset=\"https:\/\/www.clhmidland.on.ca\/wp-content\/uploads\/Teen-Camp-Highlight.jpg 900w, https:\/\/www.clhmidland.on.ca\/wp-content\/uploads\/Teen-Camp-Highlight-240x300.jpg 240w, https:\/\/www.clhmidland.on.ca\/wp-content\/uploads\/Teen-Camp-Highlight-768x960.jpg 768w\" sizes=\"(max-width: 800px) 100vw, 800px\" \/>\t\t\t\t\t\t\t\t\t\t\t\t\t<\/div>\n\t\t\t\t<\/div>\n\t\t\t\t\t<\/div>\n\t\t<\/div>\n\t\t\t\t\t<\/div>\n\t\t<\/section>\n\t\t\t\t<section class=\"elementor-section elementor-top-section elementor-element elementor-element-f315e9a elementor-section-boxed elementor-section-height-default elementor-section-height-default\" data-id=\"f315e9a\" data-element_type=\"section\" data-settings=\"{&quot;background_background&quot;:&quot;classic&quot;}\">\n\t\t\t\t\t\t<div class=\"elementor-container elementor-column-gap-default\">\n\t\t\t\t\t<div class=\"elementor-column elementor-col-100 elementor-top-column elementor-element elementor-element-6ef30a6\" data-id=\"6ef30a6\" data-element_type=\"column\">\n\t\t\t<div class=\"elementor-widget-wrap elementor-element-populated\">\n\t\t\t\t\t\t<section class=\"elementor-section elementor-inner-section elementor-element elementor-element-99a0f6f elementor-section-content-middle elementor-section-boxed elementor-section-height-default elementor-section-height-default\" data-id=\"99a0f6f\" data-element_type=\"section\">\n\t\t\t\t\t\t<div class=\"elementor-container elementor-column-gap-default\">\n\t\t\t\t\t<div class=\"elementor-column elementor-col-50 elementor-inner-column elementor-element elementor-element-4ea7bdd\" data-id=\"4ea7bdd\" data-element_type=\"column\">\n\t\t\t<div class=\"elementor-widget-wrap elementor-element-populated\">\n\t\t\t\t\t\t<div class=\"elementor-element elementor-element-a65fe78 elementor-view-default elementor-widget elementor-widget-icon\" data-id=\"a65fe78\" data-element_type=\"widget\" data-widget_type=\"icon.default\">\n\t\t\t\t<div class=\"elementor-widget-container\">\n\t\t\t\t\t<div class=\"elementor-icon-wrapper\">\n\t\t\t<div class=\"elementor-icon\">\n\t\t\t<i aria-hidden=\"true\" class=\"far fa-lightbulb\"><\/i>\t\t\t<\/div>\n\t\t<\/div>\n\t\t\t\t<\/div>\n\t\t\t\t<\/div>\n\t\t\t\t\t<\/div>\n\t\t<\/div>\n\t\t\t\t<div class=\"elementor-column elementor-col-50 elementor-inner-column elementor-element elementor-element-9799c08\" data-id=\"9799c08\" data-element_type=\"column\">\n\t\t\t<div class=\"elementor-widget-wrap elementor-element-populated\">\n\t\t\t\t\t\t<div class=\"elementor-element elementor-element-3f0f301 elementor-widget__width-auto elementor-widget elementor-widget-heading\" data-id=\"3f0f301\" data-element_type=\"widget\" data-widget_type=\"heading.default\">\n\t\t\t\t<div class=\"elementor-widget-container\">\n\t\t\t<h2 class=\"elementor-heading-title elementor-size-default\">Pour en savoir davantage sur le programme Camp de transition des jeunes, veuillez communiquer avec <a href=\"mailto:clhmid@clhmidland.on.ca?Subject=Camp d'Ado\">la bo\u00eete aux lettres g\u00e9n\u00e9rale<\/a>.<\/h2>\t\t<\/div>\n\t\t\t\t<\/div>\n\t\t\t\t\t<\/div>\n\t\t<\/div>\n\t\t\t\t\t<\/div>\n\t\t<\/section>\n\t\t\t\t\t<\/div>\n\t\t<\/div>\n\t\t\t\t\t<\/div>\n\t\t<\/section>\n\t\t\t\t<section class=\"elementor-section elementor-top-section elementor-element elementor-element-2226b3b elementor-section-boxed elementor-section-height-default elementor-section-height-default\" data-id=\"2226b3b\" data-element_type=\"section\">\n\t\t\t\t\t\t<div class=\"elementor-container elementor-column-gap-default\">\n\t\t\t\t\t<div class=\"elementor-column elementor-col-100 elementor-top-column elementor-element elementor-element-c048b39\" data-id=\"c048b39\" data-element_type=\"column\">\n\t\t\t<div class=\"elementor-widget-wrap elementor-element-populated\">\n\t\t\t\t\t\t<div class=\"elementor-element elementor-element-5cd4237 elementor-widget elementor-widget-heading\" data-id=\"5cd4237\" data-element_type=\"widget\" data-widget_type=\"heading.default\">\n\t\t\t\t<div class=\"elementor-widget-container\">\n\t\t\t<h2 class=\"elementor-heading-title elementor-size-default\">PROGRAMMES DE SOUTIEN CONNEXES<\/h2>\t\t<\/div>\n\t\t\t\t<\/div>\n\t\t\t\t\t<\/div>\n\t\t<\/div>\n\t\t\t\t\t<\/div>\n\t\t<\/section>\n\t\t\t\t<section class=\"elementor-section elementor-top-section elementor-element elementor-element-6fb46b0 elementor-section-boxed elementor-section-height-default elementor-section-height-default\" data-id=\"6fb46b0\" data-element_type=\"section\">\n\t\t\t\t\t\t<div class=\"elementor-container elementor-column-gap-default\">\n\t\t\t\t\t<div class=\"elementor-column elementor-col-33 elementor-top-column elementor-element elementor-element-ae4c0c1\" data-id=\"ae4c0c1\" data-element_type=\"column\">\n\t\t\t<div class=\"elementor-widget-wrap elementor-element-populated\">\n\t\t\t\t\t\t<div class=\"elementor-element elementor-element-1bc3a68 program-centre elementor-widget elementor-widget-heading\" data-id=\"1bc3a68\" data-element_type=\"widget\" data-widget_type=\"heading.default\">\n\t\t\t\t<div class=\"elementor-widget-container\">\n\t\t\t<h2 class=\"elementor-heading-title elementor-size-default\"><a href=\"https:\/\/www.clhmidland.on.ca\/fr\/services-pour-adultes\/programmes-demploi-assiste-sep\" aria-label=\"Visit the supported employment page\">Programmes <br>d'Emploi Assist\u00e9 (SEP)<\/a><\/h2>\t\t<\/div>\n\t\t\t\t<\/div>\n\t\t\t\t\t<\/div>\n\t\t<\/div>\n\t\t\t\t<div class=\"elementor-column elementor-col-33 elementor-top-column elementor-element elementor-element-a33ddc1\" data-id=\"a33ddc1\" data-element_type=\"column\">\n\t\t\t<div class=\"elementor-widget-wrap elementor-element-populated\">\n\t\t\t\t\t\t<div class=\"elementor-element elementor-element-d1db9a3 elementor-widget elementor-widget-image\" data-id=\"d1db9a3\" data-element_type=\"widget\" data-widget_type=\"image.default\">\n\t\t\t\t<div class=\"elementor-widget-container\">\n\t\t\t\t\t\t\t\t\t\t\t\t\t<img decoding=\"async\" width=\"296\" height=\"197\" src=\"https:\/\/www.clhmidland.on.ca\/wp-content\/uploads\/Teen-Camp.png\" class=\"attachment-large size-large wp-image-2894\" alt=\"Deux adolescentes \u00e0 l\u2019ext\u00e9rieur portant des sacs \u00e0 dos et en lisant des instructions sur papier.\" \/>\t\t\t\t\t\t\t\t\t\t\t\t\t<\/div>\n\t\t\t\t<\/div>\n\t\t\t\t<div class=\"elementor-element elementor-element-73757e0 program-centre elementor-widget elementor-widget-heading\" data-id=\"73757e0\" data-element_type=\"widget\" data-widget_type=\"heading.default\">\n\t\t\t\t<div class=\"elementor-widget-container\">\n\t\t\t<h2 class=\"elementor-heading-title elementor-size-default\"><a href=\"https:\/\/www.clhmidland.on.ca\/fr\/services-aux-jeunes\/transition-des-jeunes\" aria-label=\"Transition des Jeunes\">Transition <br>des Jeunes (TAY)<\/a><\/h2>\t\t<\/div>\n\t\t\t\t<\/div>\n\t\t\t\t\t<\/div>\n\t\t<\/div>\n\t\t\t\t<div class=\"elementor-column elementor-col-33 elementor-top-column elementor-element elementor-element-8c83dac\" data-id=\"8c83dac\" data-element_type=\"column\">\n\t\t\t<div class=\"elementor-widget-wrap elementor-element-populated\">\n\t\t\t\t\t\t<div class=\"elementor-element elementor-element-0dacf73 program-centre elementor-widget elementor-widget-heading\" data-id=\"0dacf73\" data-element_type=\"widget\" data-widget_type=\"heading.default\">\n\t\t\t\t<div class=\"elementor-widget-container\">\n\t\t\t<h2 class=\"elementor-heading-title elementor-size-default\"><a href=\"https:\/\/www.clhmidland.on.ca\/fr\/services-pour-adultes\/soutiens-a-la-participation-communautaire-cps\" aria-label=\"Visit the community participation supports page\">Soutiens \u00e0 la<br> Participation Communautaire (CPS)<\/a><\/h2>\t\t<\/div>\n\t\t\t\t<\/div>\n\t\t\t\t\t<\/div>\n\t\t<\/div>\n\t\t\t\t\t<\/div>\n\t\t<\/section>\n\t\t\t\t<\/div>\n\t\t","protected":false},"excerpt":{"rendered":"<p>Camp de transition des jeunes Nous Accueillons les Jeunes de 14 \u00e0 25 ans dans notre Camp de transition des jeunes! Le Camp de transition des jeunes est organis\u00e9 pendant [&hellip;]<\/p>\n","protected":false},"author":1,"featured_media":0,"parent":3198,"menu_order":0,"comment_status":"closed","ping_status":"closed","template":"elementor_header_footer","meta":{"_exactmetrics_skip_tracking":false,"_exactmetrics_sitenote_active":false,"_exactmetrics_sitenote_note":"","_exactmetrics_sitenote_category":0,"_price":"","_stock":"","_tribe_ticket_header":"","_tribe_default_ticket_provider":"","_tribe_ticket_capacity":"0","_ticket_start_date":"","_ticket_end_date":"","_tribe_ticket_show_description":"","_tribe_ticket_show_not_going":false,"_tribe_ticket_use_global_stock":"","_tribe_ticket_global_stock_level":"","_global_stock_mode":"","_global_stock_cap":"","_tribe_rsvp_for_event":"","_tribe_ticket_going_count":"","_tribe_ticket_not_going_count":"","_tribe_tickets_list":"[]","_tribe_ticket_has_attendee_info_fields":false,"footnotes":"","_tec_slr_enabled":"","_tec_slr_layout":""},"class_list":["post-3200","page","type-page","status-publish","hentry"],"aioseo_notices":[],"ticketed":false,"_links":{"self":[{"href":"https:\/\/www.clhmidland.on.ca\/fr\/wp-json\/wp\/v2\/pages\/3200","targetHints":{"allow":["GET"]}}],"collection":[{"href":"https:\/\/www.clhmidland.on.ca\/fr\/wp-json\/wp\/v2\/pages"}],"about":[{"href":"https:\/\/www.clhmidland.on.ca\/fr\/wp-json\/wp\/v2\/types\/page"}],"author":[{"embeddable":true,"href":"https:\/\/www.clhmidland.on.ca\/fr\/wp-json\/wp\/v2\/users\/1"}],"replies":[{"embeddable":true,"href":"https:\/\/www.clhmidland.on.ca\/fr\/wp-json\/wp\/v2\/comments?post=3200"}],"version-history":[{"count":40,"href":"https:\/\/www.clhmidland.on.ca\/fr\/wp-json\/wp\/v2\/pages\/3200\/revisions"}],"predecessor-version":[{"id":10623,"href":"https:\/\/www.clhmidland.on.ca\/fr\/wp-json\/wp\/v2\/pages\/3200\/revisions\/10623"}],"up":[{"embeddable":true,"href":"https:\/\/www.clhmidland.on.ca\/fr\/wp-json\/wp\/v2\/pages\/3198"}],"wp:attachment":[{"href":"https:\/\/www.clhmidland.on.ca\/fr\/wp-json\/wp\/v2\/media?parent=3200"}],"curies":[{"name":"wp","href":"https:\/\/api.w.org\/{rel}","templated":true}]}}